{"id":460,"date":"2020-12-06T22:19:22","date_gmt":"2020-12-06T21:19:22","guid":{"rendered":"https:\/\/videomemorias.org\/?page_id=460"},"modified":"2020-12-06T22:20:16","modified_gmt":"2020-12-06T21:20:16","slug":"videomemorias","status":"publish","type":"page","link":"https:\/\/videomemorias.org\/es\/","title":{"rendered":"Videomemorias"},"content":{"rendered":"<p>[vc_row][vc_column][vc_column_text]En 2017 presentamos el proyecto Videomemorias en la fiesta anual de la ARC, una residencia de artistas en Romainm\u00f4tier. El dispositivo consist\u00eda en dos proyecciones sucesivas proyectadas en dos paredes enfrentadas de una de las habitaciones. En este espacio \u00edntimo, donde el asiento de los espectadores no era otro que la cama, se alternaban, nuestras reflexiones de un lado, y las pel\u00edculas del otro.<\/p>\n<p>Aunque hicimos algunos videos despu\u00e9s de esta instalaci\u00f3n, este evento marc\u00f3 simb\u00f3licamente el fin de una etapa para las videomemorias.<\/p>\n<p>La versi\u00f3n que ofrecemos aqu\u00ed une las dos pantallas y es un viaje a trav\u00e9s de este proyecto que nos acompa\u00f1\u00f3 durante nuestros diez primeros a\u00f1os en Suiza.[\/vc_column_text][vc_video link=\u00bbhttps:\/\/www.youtube.com\/watch?v=BGtOZgWdscU&amp;feature=youtu.be\u00bb el_width=\u00bb70&#8243; align=\u00bbcenter\u00bb css_animation=\u00bbfadeIn\u00bb][\/vc_column][\/vc_row]<\/p>\n","protected":false},"excerpt":{"rendered":"<p>[vc_row][vc_column][vc_column_text]En 2017 presentamos el proyecto Videomemorias en la fiesta anual de la ARC, una residencia de artistas en Romainm\u00f4tier. El dispositivo consist\u00eda en dos proyecciones sucesivas proyectadas en dos paredes enfrentadas de una de las habitaciones. En este espacio \u00edntimo, donde el asiento de los espectadores no era otro que la cama, se alternaban, nuestras [&hellip;]<\/p>\n","protected":false},"author":1,"featured_media":0,"parent":0,"menu_order":0,"comment_status":"closed","ping_status":"closed","template":"","meta":{"footnotes":""},"class_list":["post-460","page","type-page","status-publish","hentry"],"_links":{"self":[{"href":"https:\/\/videomemorias.org\/es\/wp-json\/wp\/v2\/pages\/460","targetHints":{"allow":["GET"]}}],"collection":[{"href":"https:\/\/videomemorias.org\/es\/wp-json\/wp\/v2\/pages"}],"about":[{"href":"https:\/\/videomemorias.org\/es\/wp-json\/wp\/v2\/types\/page"}],"author":[{"embeddable":true,"href":"https:\/\/videomemorias.org\/es\/wp-json\/wp\/v2\/users\/1"}],"replies":[{"embeddable":true,"href":"https:\/\/videomemorias.org\/es\/wp-json\/wp\/v2\/comments?post=460"}],"version-history":[{"count":2,"href":"https:\/\/videomemorias.org\/es\/wp-json\/wp\/v2\/pages\/460\/revisions"}],"predecessor-version":[{"id":463,"href":"https:\/\/videomemorias.org\/es\/wp-json\/wp\/v2\/pages\/460\/revisions\/463"}],"wp:attachment":[{"href":"https:\/\/videomemorias.org\/es\/wp-json\/wp\/v2\/media?parent=460"}],"curies":[{"name":"wp","href":"https:\/\/api.w.org\/{rel}","templated":true}]}}